{"id":46,"date":"2020-01-07T20:35:43","date_gmt":"2020-01-07T20:35:43","guid":{"rendered":"http:\/\/naturheilpraxis-klemme.de\/?page_id=46"},"modified":"2020-01-07T20:35:43","modified_gmt":"2020-01-07T20:35:43","slug":"datenschutz","status":"publish","type":"page","link":"http:\/\/naturheilpraxis-klemme.de\/?page_id=46","title":{"rendered":"Datenschutz"},"content":{"rendered":"\n<p><strong>Datenschutzerkl\u00e4rung und\nCookies<\/strong><\/p>\n\n\n\n<p>Wir\nfreuen uns \u00fcber Ihren Besuch und dem damit verbundenen Interesse an unserem\nInternetauftritt. Der Schutz Ihrer personenbezogenen Daten ist uns ein sehr\nwichtiges Anliegen und daher von gr\u00f6\u00dfter Bedeutung. Im Folgenden m\u00f6chten wir\nSie daher \u00fcber die Erhebung, Verarbeitung und Nutzung Ihrer personenbezogenen\nDaten als auch unserer Cookie-Nutzung bei dem Besuch unserer Webseite\ninformieren. <\/p>\n\n\n\n<p>Bitte\nachten Sie darauf, dass diese Datenschutzrichtlinie von Zeit zu Zeit durch die\nImplementierung neuer Techniken und\/oder durch Gesetzes\u00e4nderungen aktualisiert\nwerden kann. Hierauf machen wir Sie in geeigneter Weise aufmerksam.\nSelbstverst\u00e4ndlich werden wir bei allen \u00c4nderungen stets Ihre angemessenen\nInteressen ber\u00fccksichtigen.<\/p>\n\n\n\n<p><strong>A. Datenschutz<\/strong><\/p>\n\n\n\n<p><strong>I. Verantwortlicher<\/strong><\/p>\n\n\n\n<ol class=\"wp-block-list\"><li>Verantwortlicher gem\u00e4\u00df Art. 4 Abs. 7\nEU-Datenschutz-Grundverordnung (\u201eDS-GVO\u201c) ist<br>\nNaturheilpraxis Impuls Manuela Klemme, , Mittelstr. 17, 32657 Lemgo, <a href=\"mailto:manuela.klemme@web.de\">manuela.klemme@web.de<\/a>. <\/li><li>Bei Fragen oder Anmerkungen zu dieser\nDatenschutzerkl\u00e4rung oder allgemein zum Datenschutz wenden Sie sich bitte an .<\/li><\/ol>\n\n\n\n<p><strong>II. Allgemeine Informationen zur\nSpeicherfrist<\/strong><\/p>\n\n\n\n<p>Soweit\nin dieser Erkl\u00e4rung nichts Konkreteres \u00fcber die Speicherung personenbezogener\nDaten genannt ist, werden wir die Daten solange speichern, als wir<\/p>\n\n\n\n<p>a)\ndiese f\u00fcr die Erf\u00fcllung des genannten Zweckes notwendigerweise brauchen, oder<\/p>\n\n\n\n<p>b)\neine gesetzliche (z.B. steuerrechtliche oder handelsrechtliche)\nAufbewahrungsfrist besteht.<\/p>\n\n\n\n<p><strong>III. Erhebung von personenbezogen Daten\nbei Besuch unserer Webseite<\/strong><\/p>\n\n\n\n<ol class=\"wp-block-list\"><li>Bei der ausschlie\u00dflich informatorischen\nNutzung unserer Webseite, also dann, wenn Sie unsere Webseite nur zum Abruf von\nInformationen besuchen, ist es grunds\u00e4tzlich nicht erforderlich, dass Sie\npersonenbezogene Daten angeben. In einem solchen Fall erheben und verwenden wir\nvielmehr nur diejenigen Daten, die uns Ihr Internetbrowser an unseren Server\n\u00fcbermittelt. Die nachfolgenden Daten werden bei Ihrem Besuch auf unserer\nWebseite erhoben und verwendet: <ol><li>(Anonymisierte) IP-Adresse<\/li><\/ol><ol><li>Datum und Uhrzeit des Abrufs unserer\nWebseite<\/li><\/ol><ol><li>Zeitzonendifferenz zur Greenwich Mean\nTime (GMT)<\/li><\/ol><ol><li>Inhalt der Anforderung (konkrete Seite)<\/li><\/ol><ol><li>Zugriffsstatus\/HTTP-Statuscode<\/li><\/ol><ol><li>jeweils \u00fcbertragene Datenmenge<\/li><\/ol><ol><li>Webseite, von der die Anforderung kommt<\/li><\/ol><ol><li>Browser<\/li><\/ol><ol><li>Verwendetes Betriebssystem und dessen Oberfl\u00e4che<\/li><\/ol><ol><li>Sprache und Version der Browsersoftware<\/li><\/ol><ol><li>ggfs. weitere Daten, die erhoben und\nverwendet werden<\/li><\/ol><\/li><li>Die vorgenannten Daten sind f\u00fcr uns\ngem\u00e4\u00df Art. 6 Abs. 1 S.1 lit. f) DS-GVO technisch erforderlich um eine\nvollumf\u00e4ngliche Funktionalit\u00e4t und Stabilit\u00e4t unserer Webseite zu\ngew\u00e4hrleisten. Zudem dienen diese auch dem Schutz unserer\nDatenverarbeitungssysteme gegen unerlaubte Zugriffe. Die vorgenannten Daten\nwerden ausschlie\u00dflich zu statistischen Zwecken gewonnen und nach Wegfall der\nvorgenannten Zwecke zur L\u00f6schung gebracht. Die Daten k\u00f6nnen keiner Person\nzugeordnet werden und es erfolgt auch keine Zusammenf\u00fchrung dieser Daten mit\nanderen Datenquellen.<\/li><\/ol>\n\n\n\n<p><strong>IV. Anfragen per Kontaktformular und\nE-Mail<\/strong><\/p>\n\n\n\n<ol class=\"wp-block-list\"><li>Unser Kontaktformular soll Ihnen die\nM\u00f6glichkeit geben, sich mit uns in Verbindung zu setzen. Wir ben\u00f6tigen zur\nBearbeitung Ihrer Anfrage die folgenden Daten: Name, E-Mail, Telefonnummer,\noptional angegebene Daten im Freitext, welche wir je nach Anfrageinhalt f\u00fcr die\nunter II. genannten Zeitpunkten gespeichert. Die Verarbeitung der in das\nKontaktformular eingegebenen Daten erfolgt je nach Anfrageinhalt auf Grundlage\nIhrer Einwilligung gem\u00e4\u00df Art. 6 Abs. 1 lit. a) DS-GVO oder gem\u00e4\u00df Art. 6 Abs. 1\nlit. b) DS-GVO soweit vertragliche Erf\u00fcllungspflichten oder die Durchf\u00fchrung\nvorvertraglicher Ma\u00dfnahmen bestehen. <\/li><li>Dar\u00fcber hinaus besteht f\u00fcr Sie auch die\nM\u00f6glichkeit mit uns per E-Mail Kontakt aufzunehmen. In einem solchen Fall\nwerden von uns Ihre E-Mail Adresse und die anderen von Ihnen freiwillig\n\u00fcbermittelten Daten je nach Anfrageinhalt f\u00fcr die unter II. genannten\nZeitpunkten gespeichert. Die Verarbeitung der per E-Mail eingegebenen Daten\nerfolgt je nach Anfrageinhalt auf Grundlage Ihrer Einwilligung gem\u00e4\u00df Art. 6\nAbs. 1 lit. a) DS-GVO oder gem\u00e4\u00df Art. 6 Abs. 1 lit. b) DS-GVO soweit\nvertragliche Erf\u00fcllungspflichten oder die Durchf\u00fchrung vorvertraglicher\nMa\u00dfnahmen bestehen.<\/li><\/ol>\n\n\n\n<p><strong>V. Buchungen auf unserer Webseite<\/strong><\/p>\n\n\n\n<ol class=\"wp-block-list\"><li>Wir bieten Ihnen die M\u00f6glichkeit eines\nOnline-Reservierungssystems f\u00fcr unser Restaurant. Unter Angabe der\nPersonenanzahl, Datum, Uhrzeit, Name, E-Mail, Telefon und ggfs. optionaler\nNachricht k\u00f6nnen Sie eine Reservierung bei uns vornehmen. Die \u00dcbermittlung und\nSpeicherung erfolgt unmittelbar an unseren Dienstleister, die resmio GmbH,\nGneisenaustra\u00dfe 66 \u2013 67, 10961 Berlin, welche uns die von Ihnen angegebenen\nDaten f\u00fcr den weitere Reservierungsvorgang ebenfalls \u00fcbermittelt. Ihre\nReservierung als auch die Daten, die uns im Rahmen der Reservierung von resmio\n\u00fcbermittelt worden sind, werden von uns f\u00fcr uns je nach Reservierungsinhalt f\u00fcr\ndie unter II. genannten Zeitpunkten gespeichert. Wir haben weder Einfluss auf\ndie erhobenen Daten und Datenverarbeitungsvorg\u00e4nge von resmio selber, noch sind\nuns der volle Umfang der Datenerhebung, die Zwecke der Verarbeitung und die\nSpeicherfristen bekannt. Auch zur L\u00f6schung der erhobenen Daten durch resmio\nliegen uns keine Informationen vor.<\/li><li>Die Verarbeitung der in das\nReservierungsformular eingegebenen und an uns \u00fcbermittelten Daten erfolgt auf\nGrundlage Ihrer Einwilligung gem\u00e4\u00df Art. 6 Abs. 1 lit. a) DS-GVO.<\/li><\/ol>\n\n\n\n<p><strong>VI. Registrierung auf unserer Webseite<\/strong><\/p>\n\n\n\n<ol class=\"wp-block-list\"><li>Es besteht die M\u00f6glichkeit, sich im\nRahmen unseres Angebots zu registrieren. Hierbei werden in einer Eingabemaske\ndie folgenden Daten an uns \u00fcbermittelt und gespeichert: Vorname, Nachname,\nE-Mail. Eine Weitergabe an Dritte erfolgt nicht. Die Registrierung dient uns\ndaf\u00fcr, Ihnen Inhalte oder Leistungen anzubieten, die aufgrund der vorgehaltenen\nInhalte und Leistungen ausschlie\u00dflich registrierten Personen bereitgehalten\nwerden k\u00f6nnen. Ihre \u00fcbermittelten Daten werden w\u00e4hrend der Registrierungsdauer\ngespeichert und je nach Registrierungsinhalt f\u00fcr die unter II. genannten\nZeitpunkten gespeichert.<\/li><li>Rechtsgrundlage f\u00fcr die Verarbeitung\nIhrer Daten ist Art. 6 Abs.1 S.1 lit. a) DS-GVO oder soweit vertragliche\nErf\u00fcllungspflichten oder die Durchf\u00fchrung vorvertraglicher Ma\u00dfnahmen bestehen\ngem\u00e4\u00df Art. 6 Abs. 1 lit. b) DS-GVO.<\/li><\/ol>\n\n\n\n<p><strong>X. Ihre Rechte<\/strong><\/p>\n\n\n\n<ol class=\"wp-block-list\"><li>Sie haben gegen\u00fcber uns folgende\nunentgeltliche Rechte hinsichtlich der Sie betreffenden personenbezogenen\nDaten: <ol><li>Recht auf Auskunft (Art. 15 DS-GVO),<\/li><\/ol><ol><li>Recht auf Berichtigung oder L\u00f6schung\n(Art. 16 und Art. 17 DS-GVO),<\/li><\/ol><ol><li>Recht auf Einschr\u00e4nkung der Verarbeitung\n(Art. 18 DS-GVO),<\/li><\/ol><ol><li>Recht auf Daten\u00fcbertragbarkeit (Art. 20\nDS-GVO),<\/li><\/ol><ol><li>Recht auf Widerspruch gegen die\nVerarbeitung (Art. 21 DS-GVO).<\/li><\/ol><\/li><li>Sie haben zudem das Recht, sich bei\neiner Datenschutz-Aufsichtsbeh\u00f6rde \u00fcber die Verarbeitung Ihrer\npersonenbezogenen Daten durch uns zu beschweren.<\/li><\/ol>\n\n\n\n<p><strong>B.\nEinsatz von Cookies<\/strong><\/p>\n\n\n\n<ol class=\"wp-block-list\"><li>Wir verwenden Cookies bei der Nutzung\nunserer Webseite. Cookies sind kleine Textdateien, die im Rahmen Ihres Besuchs\nunserer Internetseiten von unserem Webserver an Ihren Browser gesandt und von\ndiesem auf Ihrem Rechner f\u00fcr einen sp\u00e4teren Abruf vorgehalten werden. Cookies\ndienen neben der Ermittlung der Nutzungsh\u00e4ufigkeit und Nutzeranzahl sowie der\nAnalysierung der Verhaltensweisen unserer Webseitennutzung auch dazu, unseren\nWebseitenauftritt insgesamt nutzerfreundlicher zu gestalten. <\/li><li>Wir nutzen Cookies, um unseren\nWebseitenauftritt nutzerfreundlicher zu gestalten (sog. \u201eNotwendige Cookie\u201c).\nOhne eine Nutzung dieser Cookies k\u00f6nnen wir ansonsten weder die Zahl der\neindeutigen Benutzer auf unserer Webseite feststellen noch Ihnen bestimmte\nFunktionen bereitstellen. Dar\u00fcber hinaus nutzen wir f\u00fcr unseren\nWebseitenauftritt auch Cookies, die z.B. eine Analysierung des Surfverhaltens\nerm\u00f6glichen. Sofern andere als \u201enotwendige Cookies\u201c eingesetzt werden, finden Sie\ndiese mit weiteren Informationen im Folgenden unserer Datenschutzerkl\u00e4rung.<\/li><li>Durch entsprechende Einstellungen in\nIhrem Browser k\u00f6nnen Sie selbst bestimmen, ob durch uns Cookies gesetzt und\nabgerufen werden d\u00fcrfen. Sofern Sie dieses nicht w\u00fcnschen, k\u00f6nnen Sie in Ihrem\nBrowser das Speichern von Cookies deaktivieren, eine Cookie-Setzung auf\nausgew\u00e4hlte Webseiten beschr\u00e4nken oder in Ihrem Browser solche Voreinstellungen\nvorzunehmen, dass eine automatische Benachrichtigung erfolgt, sobald ein Cookie\ngesetzt werden soll. Wir m\u00f6chten Sie darauf hinweisen, dass es unter Umst\u00e4nden\nf\u00fcr den vollen Funktionsumfang unserer Webseite aus technischen Gr\u00fcnden\nerforderlich sein kann, dass Sie die vorgenannten Cookies in Ihrem Browser\nzulassen. <\/li><li>Wir verwenden die folgenden Cookies von\nDrittanbietern:<\/li><\/ol>\n\n\n\n<p><strong><a href=\"https:\/\/www.naturheilpraxis-klemme.de\/\">Naturheilpraxis Impuls Manuela Klemme<\/a><\/strong><strong><\/strong><\/p>\n","protected":false},"excerpt":{"rendered":"<p>Datenschutzerkl\u00e4rung und Cookies Wir freuen uns \u00fcber Ihren Besuch und dem damit verbundenen Interesse an unserem Internetauftritt. Der Schutz Ihrer personenbezogenen Daten ist uns ein sehr wichtiges Anliegen und daher von gr\u00f6\u00dfter Bedeutung. Im Folgenden m\u00f6chten wir Sie daher \u00fcber die Erhebung, Verarbeitung und Nutzung Ihrer personenbezogenen Daten als auch unserer Cookie-Nutzung bei dem Besuch [&hellip;]<\/p>\n","protected":false},"author":1,"featured_media":0,"parent":0,"menu_order":0,"comment_status":"closed","ping_status":"closed","template":"","meta":{"footnotes":""},"class_list":["post-46","page","type-page","status-publish","hentry"],"_links":{"self":[{"href":"http:\/\/naturheilpraxis-klemme.de\/index.php?rest_route=\/wp\/v2\/pages\/46","targetHints":{"allow":["GET"]}}],"collection":[{"href":"http:\/\/naturheilpraxis-klemme.de\/index.php?rest_route=\/wp\/v2\/pages"}],"about":[{"href":"http:\/\/naturheilpraxis-klemme.de\/index.php?rest_route=\/wp\/v2\/types\/page"}],"author":[{"embeddable":true,"href":"http:\/\/naturheilpraxis-klemme.de\/index.php?rest_route=\/wp\/v2\/users\/1"}],"replies":[{"embeddable":true,"href":"http:\/\/naturheilpraxis-klemme.de\/index.php?rest_route=%2Fwp%2Fv2%2Fcomments&post=46"}],"version-history":[{"count":1,"href":"http:\/\/naturheilpraxis-klemme.de\/index.php?rest_route=\/wp\/v2\/pages\/46\/revisions"}],"predecessor-version":[{"id":47,"href":"http:\/\/naturheilpraxis-klemme.de\/index.php?rest_route=\/wp\/v2\/pages\/46\/revisions\/47"}],"wp:attachment":[{"href":"http:\/\/naturheilpraxis-klemme.de\/index.php?rest_route=%2Fwp%2Fv2%2Fmedia&parent=46"}],"curies":[{"name":"wp","href":"https:\/\/api.w.org\/{rel}","templated":true}]}}